{"id":2,"date":"2022-11-27T19:13:54","date_gmt":"2022-11-27T19:13:54","guid":{"rendered":"https:\/\/www.ceranca.ro\/?page_id=2"},"modified":"2023-03-15T13:02:39","modified_gmt":"2023-03-15T13:02:39","slug":"pagina-exemplu","status":"publish","type":"page","link":"https:\/\/www.ceranca.ro\/?page_id=2","title":{"rendered":"Impresii"},"content":{"rendered":"\t\t<div data-elementor-type=\"wp-page\" data-elementor-id=\"2\" class=\"elementor elementor-2\">\n\t\t\t\t\t\t\t\t\t<section data-particle_enable=\"false\" data-particle-mobile-disabled=\"false\" class=\"elementor-section elementor-top-section elementor-element elementor-element-535d561 elementor-section-boxed elementor-section-height-default elementor-section-height-default\" data-id=\"535d561\" data-element_type=\"section\">\n\t\t\t\t\t\t<div class=\"elementor-container elementor-column-gap-default\">\n\t\t\t\t\t<div class=\"elementor-column elementor-col-100 elementor-top-column elementor-element elementor-element-e6714ec\" data-id=\"e6714ec\" data-element_type=\"column\">\n\t\t\t<div class=\"elementor-widget-wrap elementor-element-populated\">\n\t\t\t\t\t\t\t\t<div class=\"elementor-element elementor-element-f00f357 elementor-widget elementor-widget-image\" data-id=\"f00f357\" data-element_type=\"widget\" data-widget_type=\"image.default\">\n\t\t\t\t<div class=\"elementor-widget-container\">\n\t\t\t<style>\/*! elementor - v3.9.2 - 21-12-2022 *\/\n.elementor-widget-image{text-align:center}.elementor-widget-image a{display:inline-block}.elementor-widget-image a img[src$=\".svg\"]{width:48px}.elementor-widget-image img{vertical-align:middle;display:inline-block}<\/style>\t\t\t\t\t\t\t\t\t\t\t\t<img loading=\"lazy\" decoding=\"async\" width=\"768\" height=\"512\" src=\"https:\/\/www.ceranca.ro\/wp-content\/uploads\/2022\/11\/313416755_3388343314821621_5980614905217078321_n-768x512.jpg\" class=\"attachment-medium_large size-medium_large wp-image-4664\" alt=\"\" srcset=\"https:\/\/www.ceranca.ro\/wp-content\/uploads\/2022\/11\/313416755_3388343314821621_5980614905217078321_n-768x512.jpg 768w, https:\/\/www.ceranca.ro\/wp-content\/uploads\/2022\/11\/313416755_3388343314821621_5980614905217078321_n-300x200.jpg 300w, https:\/\/www.ceranca.ro\/wp-content\/uploads\/2022\/11\/313416755_3388343314821621_5980614905217078321_n-1024x683.jpg 1024w, https:\/\/www.ceranca.ro\/wp-content\/uploads\/2022\/11\/313416755_3388343314821621_5980614905217078321_n-1536x1024.jpg 1536w, https:\/\/www.ceranca.ro\/wp-content\/uploads\/2022\/11\/313416755_3388343314821621_5980614905217078321_n-600x400.jpg 600w, https:\/\/www.ceranca.ro\/wp-content\/uploads\/2022\/11\/313416755_3388343314821621_5980614905217078321_n.jpg 2048w\" sizes=\"auto, (max-width: 768px) 100vw, 768px\" \/>\t\t\t\t\t\t\t\t\t\t\t\t\t\t\t<\/div>\n\t\t\t\t<\/div>\n\t\t\t\t\t<\/div>\n\t\t<\/div>\n\t\t\t\t\t\t\t<\/div>\n\t\t<\/section>\n\t\t\t\t<section data-particle_enable=\"false\" data-particle-mobile-disabled=\"false\" class=\"elementor-section elementor-top-section elementor-element elementor-element-5f78b8b7 elementor-section-full_width elementor-section-height-default elementor-section-height-default\" data-id=\"5f78b8b7\" data-element_type=\"section\">\n\t\t\t\t\t\t<div class=\"elementor-container elementor-column-gap-default\">\n\t\t\t\t\t<div class=\"elementor-column elementor-col-100 elementor-top-column elementor-element elementor-element-4984cd09\" data-id=\"4984cd09\" data-element_type=\"column\">\n\t\t\t<div class=\"elementor-widget-wrap elementor-element-populated\">\n\t\t\t\t\t\t\t\t<div class=\"elementor-element elementor-element-f9d11a elementor-widget elementor-widget-text-editor\" data-id=\"f9d11a\" data-element_type=\"widget\" data-widget_type=\"text-editor.default\">\n\t\t\t\t<div class=\"elementor-widget-container\">\n\t\t\t<style>\/*! elementor - v3.9.2 - 21-12-2022 *\/\n.elementor-widget-text-editor.elementor-drop-cap-view-stacked .elementor-drop-cap{background-color:#818a91;color:#fff}.elementor-widget-text-editor.elementor-drop-cap-view-framed .elementor-drop-cap{color:#818a91;border:3px solid;background-color:transparent}.elementor-widget-text-editor:not(.elementor-drop-cap-view-default) .elementor-drop-cap{margin-top:8px}.elementor-widget-text-editor:not(.elementor-drop-cap-view-default) .elementor-drop-cap-letter{width:1em;height:1em}.elementor-widget-text-editor .elementor-drop-cap{float:left;text-align:center;line-height:1;font-size:50px}.elementor-widget-text-editor .elementor-drop-cap-letter{display:inline-block}<\/style>\t\t\t\t<p><!-- wp:paragraph --><\/p>\n<h2>C<b>armen Mihalache<\/b><\/h2>\n<p>7 noiembrie 2022<\/p>\n<p>&#8222;Ast\u0103zi m-am oprit la o expozi\u021bie \u0219i un spectacol, pe care as dori s\u0103 vi le semnalez, ca<br \/>fapte artistice \u00eemplinite, care merit\u0103 aten\u021bie.<br \/>O revela\u021bie \u2012 Anca Mih\u0103il\u0103<\/p>\n<p>\u0218tiindu-i bine pe arti\u0219ti, mul\u021bi dintre ei egocentrici, vanito\u0219i, narcisi\u0219ti, vorbind mereu despre ei \u00een\u0219i\u0219i, am o senza\u021bie de bine, foarte reconfortant\u0103, c\u00e2nd \u00eent\u00e2lnesc o altfel de persoan\u0103. A\u0219a cum este Anca Mih\u0103il\u0103, o t\u00e2n\u0103r\u0103 femeie de o mare modestie,<br \/>echilibrat\u0103, cu o prezen\u021b\u0103 discret\u0103, un aer meditativ, privire deschis\u0103, luminoas\u0103, mic sur\u00e2s fin \u00een col\u021bul gurii, \u0219i o voce copil\u0103roas\u0103, cald\u0103, u\u0219or c\u00e2ntat\u0103, cu un dulce accent moldovenesc. Absolvent\u0103 a Facult\u0103\u021bii de Teologie Ortodox\u0103, Sec\u021bia Restaurarea icoane vechi, Ia\u0219i, \u0219i de\u021bin\u0103toare a unui master \u00een arte decorative la Universitatea Na\u021bional\u0103 de Arte Bucure\u0219ti, Anca ne-a d\u0103ruit un adev\u0103rat regal de g\u00e2nd, sentiment, imagine, la prima ei ampl\u0103 personal\u0103 din Bac\u0103u, de la Galeria \u201eIon Frunzetti\u201d. Intitulat\u0103 \u201eDou\u0103 pove\u0219ti\u201d, expozi\u021bia, frumos panotat\u0103, cuprinde vase de ceramic\u0103, o interpretare modern\u0103, prin prism\u0103 personal\u0103 a culturii Cucuteni, \u0219i lucr\u0103ri din sticl\u0103 \u0219i ceramic\u0103 av\u00e2nd drept motiv m\u00e2na.<\/p>\n<p>M\u00e2inile, cu multiplele lor expresii surprinse de artist\u0103, mi-au amintit de poezia lui Arghezi \u201eS\u0103 \u021bi-o s\u0103rut\u201d. M\u00e2na sem\u0103n\u00e2nd cu o floare sau cu o stea, plin\u0103 de haruri, care a \u00eenf\u0103ptuit at\u00e2tea dintre minunile lumii, \u0219i \u00een fa\u021ba c\u0103reia\u00a0 poetul se \u00eenchin\u0103 smerit. \u00cen fa\u021ba \u201eg\u00e2ndirii m\u00e2inii\u201d \u0219i Anca Mih\u0103il\u0103 (un om delicat, cu sufletul \u00een palm\u0103 \u0219i mult talent) are o atitudine pioas\u0103, expozi\u021bia ei, de ampl\u0103 respira\u021bie, extrem de elaborat\u0103 la nivel conceptual \u0219i \u00eenglob\u00e2nd o imens\u0103 munc\u0103, fiind un splendid poem vizual \u0219i o ofrand\u0103 adus\u0103 puterii creatoare a m\u00e2inii, adus\u0103 artei.&#8221;<\/p>\n<p><!-- \/wp:quote --><!-- wp:paragraph --><\/p>\n<p>\u00a0<\/p>\n<p><!-- \/wp:paragraph --><\/p>\n<p>\u00a0<\/p>\t\t\t\t\t\t<\/div>\n\t\t\t\t<\/div>\n\t\t\t\t<div class=\"elementor-element elementor-element-9bd77cf elementor-widget elementor-widget-text-editor\" data-id=\"9bd77cf\" data-element_type=\"widget\" data-widget_type=\"text-editor.default\">\n\t\t\t\t<div class=\"elementor-widget-container\">\n\t\t\t\t\t\t\t<p><!-- wp:paragraph --><\/p>\n<h2>\u00a0<\/h2>\n<p><!-- \/wp:paragraph --><!-- wp:quote --><\/p>\n<h2><img loading=\"lazy\" decoding=\"async\" class=\"alignnone wp-image-5753 size-full\" src=\"https:\/\/www.ceranca.ro\/wp-content\/uploads\/2023\/02\/Valeriu-Susnea-la-Galeria-Ion-Andreescu-din-Buzau.jpg\" alt=\"\" width=\"1024\" height=\"768\" srcset=\"https:\/\/www.ceranca.ro\/wp-content\/uploads\/2023\/02\/Valeriu-Susnea-la-Galeria-Ion-Andreescu-din-Buzau.jpg 1024w, https:\/\/www.ceranca.ro\/wp-content\/uploads\/2023\/02\/Valeriu-Susnea-la-Galeria-Ion-Andreescu-din-Buzau-300x225.jpg 300w, https:\/\/www.ceranca.ro\/wp-content\/uploads\/2023\/02\/Valeriu-Susnea-la-Galeria-Ion-Andreescu-din-Buzau-768x576.jpg 768w, https:\/\/www.ceranca.ro\/wp-content\/uploads\/2023\/02\/Valeriu-Susnea-la-Galeria-Ion-Andreescu-din-Buzau-600x450.jpg 600w\" sizes=\"auto, (max-width: 1024px) 100vw, 1024px\" \/><\/h2>\n<p><!-- \/wp:quote --><!-- wp:paragraph --><\/p>\n<h2>Prof.dr Valeriu \u0218u\u0219nea\u00a0<\/h2>\n<p>Anca Mih\u0103il\u0103, o artist\u0103 \u00een devenire, ne prezint\u0103 o expozi\u021bie inedit\u0103, a unui ceramist, absolvent\u0103 de Teologie la Ia\u0219i, sec\u021bia de restaurare icoana, a f\u0103cut acest Master, a sec\u021biei de Ceramic\u0103 a Universit\u00e2\u021bii Na\u021bionale de Art\u0103 din Bucure\u0219ti. Ne red\u0103 o interpretare modern\u0103, un concept de reinterpretare a ceramicii de Cucuteni, din care s-a inspirat, inf\u0103ptuind o lucrare parietal\u0103 ce se prelunge\u0219te \u00een plan orizontal dar a abordat \u0219i conceptul \u201em\u00e2na\u201d, care poate fi un factor de expresivitate uman\u0103 deosebit\u0103, printr-o combina\u021bie dintre ceramic\u0103 \u0219i sticl\u0103.<\/p>\n<p><!-- \/wp:paragraph --><\/p>\n<p>\u00a0<\/p>\t\t\t\t\t\t<\/div>\n\t\t\t\t<\/div>\n\t\t\t\t<div class=\"elementor-element elementor-element-5241353 elementor-widget elementor-widget-text-editor\" data-id=\"5241353\" data-element_type=\"widget\" data-widget_type=\"text-editor.default\">\n\t\t\t\t<div class=\"elementor-widget-container\">\n\t\t\t\t\t\t\t<h2 style=\"font-style: italic;\"><img loading=\"lazy\" decoding=\"async\" class=\"alignnone wp-image-4656 size-full\" src=\"https:\/\/www.ceranca.ro\/wp-content\/uploads\/2022\/11\/312598426_5808884739170804_6176206511927137297_n.jpg\" alt=\"\" width=\"1024\" height=\"681\" srcset=\"https:\/\/www.ceranca.ro\/wp-content\/uploads\/2022\/11\/312598426_5808884739170804_6176206511927137297_n.jpg 1024w, https:\/\/www.ceranca.ro\/wp-content\/uploads\/2022\/11\/312598426_5808884739170804_6176206511927137297_n-300x200.jpg 300w, https:\/\/www.ceranca.ro\/wp-content\/uploads\/2022\/11\/312598426_5808884739170804_6176206511927137297_n-768x511.jpg 768w, https:\/\/www.ceranca.ro\/wp-content\/uploads\/2022\/11\/312598426_5808884739170804_6176206511927137297_n-600x399.jpg 600w\" sizes=\"auto, (max-width: 1024px) 100vw, 1024px\" \/><\/h2>\n<h2 style=\"font-style: italic;\"><span style=\"font-style: normal;\">Violeta Savu<\/span>\u00a0<\/h2>\n<p style=\"font-size: 17.6px; font-style: italic; font-weight: 400;\">Ieri am sus\u021binut-o cu mult\u0103 bucurie pe artista Anca Mih\u0103il\u0103, la debutul ei cu expozi\u021bie personal\u0103, la Galeria \u201eFrunzetti\u201d din Bac\u0103u. Anca ne-a propus nu una, ci dou\u0103 expozi\u021bii de ceramic\u0103, sub genericul \u201eDou\u0103 pove\u0219ti\u201d.\u00a0<\/p>\n<p style=\"font-size: 17.6px; font-style: italic; font-weight: 400;\">\u00cent\u00e2i am v\u0103zut expozi\u021bia de la parter cu vase din ceramic\u0103, prin care ea a dorit s\u0103-\u0219i m\u0103rturiseasc\u0103 dragostea fa\u021b\u0103 de cultura Cucuteni, apoi am urcat la etaj, unde am admirat, \u00eentr-o splendoare de lumin\u0103, obiecte din por\u021belan \u0219i sticl\u0103. Aici, Anca a \u00eentins multe, foarte multe m\u00e2ini spre noi, cu prietenie, cu tandre\u021be, cu mult suflet.\u00a0<\/p>\n<p style=\"font-size: 17.6px; font-style: italic; font-weight: 400;\">La vernisaj, ne-a spus c\u0103 \u0219i-a ales ca subiect m\u00e2inile pentru c\u0103 ele sunt foarte importante \u00een via\u021ba noastr\u0103, fiindc\u0103 ne ajut\u0103 zilnic \u0219i sunt mult lucr\u0103toare. (ea s-a exprimat mult mai frumos, dar nu-mi amintesc exact cuvintele ei)\u00a0<\/p>\n<p style=\"font-size: 17.6px; font-style: italic; font-weight: 400;\">Vreau s\u0103 subliniez c\u0103 e mult\u0103 munc\u0103 \u00een spatele acestei spectaculoase duble expozi\u021bii. poate de aceea eu m-am g\u00e2ndit \u0219i la ceea ce a spus Mircea Eliade despre criza spiritual\u0103 a omului modern, care din cauza accentului pus pe progresul tehnologic (de altfel, util \u0219i important, ceea ce nu contest\u0103 nici Eliade), a pierdut din vedere dimensiunea liturgic\u0103 a muncii: \u201eDesacralizarea muncii constituie o ran\u0103 deschis\u0103 \u00een corpul societ\u0103\u021bilor moderne. Nimic nu ne spune \u00eens\u0103 c\u0103 o resacralizare nu se va produce \u00een viitor.\u201d Dar resacralizarea se poate face \u0219i prin art\u0103, iar expozi\u021bia Anc\u0103i Mih\u0103il\u0103 are \u0219i acest rost de resacralizare.<\/p>\n<p style=\"font-size: 17.6px; font-style: italic; font-weight: 400;\"><span style=\"background-color: var(--ast-global-color-5); color: var(--ast-global-color-3);\">Felicit\u0103ri, Anca Mih\u0103il\u0103, ne-au \u00eenc\u00e2ntat pe to\u021bi ale tale minunate Dou\u0103 pove\u0219ti!<\/span><\/p>\n<p style=\"font-size: 17.6px; font-style: italic; font-weight: 400;\">\u00a0<\/p>\n<h2 style=\"font-style: italic;\"><img loading=\"lazy\" decoding=\"async\" class=\"size-medium wp-image-6370 aligncenter\" src=\"https:\/\/www.ceranca.ro\/wp-content\/uploads\/2023\/03\/articol-in-revista-Ateneu-dec-2022-210x300.jpg\" alt=\"\" width=\"210\" height=\"300\" srcset=\"https:\/\/www.ceranca.ro\/wp-content\/uploads\/2023\/03\/articol-in-revista-Ateneu-dec-2022-210x300.jpg 210w, https:\/\/www.ceranca.ro\/wp-content\/uploads\/2023\/03\/articol-in-revista-Ateneu-dec-2022-718x1024.jpg 718w, https:\/\/www.ceranca.ro\/wp-content\/uploads\/2023\/03\/articol-in-revista-Ateneu-dec-2022-768x1096.jpg 768w, https:\/\/www.ceranca.ro\/wp-content\/uploads\/2023\/03\/articol-in-revista-Ateneu-dec-2022-1076x1536.jpg 1076w, https:\/\/www.ceranca.ro\/wp-content\/uploads\/2023\/03\/articol-in-revista-Ateneu-dec-2022-600x856.jpg 600w, https:\/\/www.ceranca.ro\/wp-content\/uploads\/2023\/03\/articol-in-revista-Ateneu-dec-2022.jpg 1435w\" sizes=\"auto, (max-width: 210px) 100vw, 210px\" \/><\/h2>\t\t\t\t\t\t<\/div>\n\t\t\t\t<\/div>\n\t\t\t\t\t<\/div>\n\t\t<\/div>\n\t\t\t\t\t\t\t<\/div>\n\t\t<\/section>\n\t\t\t\t\t\t\t<\/div>\n\t\t","protected":false},"excerpt":{"rendered":"<p>Carmen Mihalache 7 noiembrie 2022 &#8222;Ast\u0103zi m-am oprit la o expozi\u021bie \u0219i un spectacol, pe care as dori s\u0103 vi le semnalez, cafapte artistice \u00eemplinite, care merit\u0103 aten\u021bie.O revela\u021bie \u2012 Anca Mih\u0103il\u0103 \u0218tiindu-i bine pe arti\u0219ti, mul\u021bi dintre ei egocentrici, vanito\u0219i, narcisi\u0219ti, vorbind mereu despre ei \u00een\u0219i\u0219i, am o senza\u021bie de bine, foarte reconfortant\u0103, c\u00e2nd &hellip;<\/p>\n<p class=\"read-more\"> <a class=\"\" href=\"https:\/\/www.ceranca.ro\/?page_id=2\"> <span class=\"screen-reader-text\">Impresii<\/span> Read More &raquo;<\/a><\/p>\n","protected":false},"author":1,"featured_media":0,"parent":0,"menu_order":0,"comment_status":"closed","ping_status":"open","template":"","meta":{"site-sidebar-layout":"default","site-content-layout":"","ast-site-content-layout":"","site-content-style":"default","site-sidebar-style":"default","ast-global-header-display":"","ast-banner-title-visibility":"","ast-main-header-display":"","ast-hfb-above-header-display":"","ast-hfb-below-header-display":"","ast-hfb-mobile-header-display":"","site-post-title":"","ast-breadcrumbs-content":"","ast-featured-img":"","footer-sml-layout":"","theme-transparent-header-meta":"","adv-header-id-meta":"","stick-header-meta":"","header-above-stick-meta":"","header-main-stick-meta":"","header-below-stick-meta":"","astra-migrate-meta-layouts":"","footnotes":""},"class_list":["post-2","page","type-page","status-publish","hentry"],"aioseo_notices":[],"yoast_head":"<!-- This site is optimized with the Yoast SEO plugin v21.4 - https:\/\/yoast.com\/wordpress\/plugins\/seo\/ -->\n<title>Impresii - Ceranca<\/title>\n<meta name=\"robots\" content=\"index, follow, max-snippet:-1, max-image-preview:large, max-video-preview:-1\" \/>\n<link rel=\"canonical\" href=\"https:\/\/www.ceranca.ro\/?page_id=2\" \/>\n<meta property=\"og:locale\" content=\"ro_RO\" \/>\n<meta property=\"og:type\" content=\"article\" \/>\n<meta property=\"og:title\" content=\"Impresii - Ceranca\" \/>\n<meta property=\"og:description\" content=\"Carmen Mihalache 7 noiembrie 2022 &#8222;Ast\u0103zi m-am oprit la o expozi\u021bie \u0219i un spectacol, pe care as dori s\u0103 vi le semnalez, cafapte artistice \u00eemplinite, care merit\u0103 aten\u021bie.O revela\u021bie \u2012 Anca Mih\u0103il\u0103 \u0218tiindu-i bine pe arti\u0219ti, mul\u021bi dintre ei egocentrici, vanito\u0219i, narcisi\u0219ti, vorbind mereu despre ei \u00een\u0219i\u0219i, am o senza\u021bie de bine, foarte reconfortant\u0103, c\u00e2nd &hellip; Impresii Read More &raquo;\" \/>\n<meta property=\"og:url\" content=\"https:\/\/www.ceranca.ro\/?page_id=2\" \/>\n<meta property=\"og:site_name\" content=\"Ceranca\" \/>\n<meta property=\"article:modified_time\" content=\"2023-03-15T13:02:39+00:00\" \/>\n<meta property=\"og:image\" content=\"https:\/\/www.ceranca.ro\/wp-content\/uploads\/2022\/11\/313416755_3388343314821621_5980614905217078321_n-768x512.jpg\" \/>\n<meta name=\"twitter:card\" content=\"summary_large_image\" \/>\n<meta name=\"twitter:label1\" content=\"Timp estimat pentru citire\" \/>\n\t<meta name=\"twitter:data1\" content=\"4 minute\" \/>\n<script type=\"application\/ld+json\" class=\"yoast-schema-graph\">{\"@context\":\"https:\/\/schema.org\",\"@graph\":[{\"@type\":\"WebPage\",\"@id\":\"https:\/\/www.ceranca.ro\/?page_id=2\",\"url\":\"https:\/\/www.ceranca.ro\/?page_id=2\",\"name\":\"Impresii - Ceranca\",\"isPartOf\":{\"@id\":\"https:\/\/www.ceranca.ro\/#website\"},\"datePublished\":\"2022-11-27T19:13:54+00:00\",\"dateModified\":\"2023-03-15T13:02:39+00:00\",\"breadcrumb\":{\"@id\":\"https:\/\/www.ceranca.ro\/?page_id=2#breadcrumb\"},\"inLanguage\":\"ro-RO\",\"potentialAction\":[{\"@type\":\"ReadAction\",\"target\":[\"https:\/\/www.ceranca.ro\/?page_id=2\"]}]},{\"@type\":\"BreadcrumbList\",\"@id\":\"https:\/\/www.ceranca.ro\/?page_id=2#breadcrumb\",\"itemListElement\":[{\"@type\":\"ListItem\",\"position\":1,\"name\":\"Home\",\"item\":\"https:\/\/www.ceranca.ro\/\"},{\"@type\":\"ListItem\",\"position\":2,\"name\":\"Impresii\"}]},{\"@type\":\"WebSite\",\"@id\":\"https:\/\/www.ceranca.ro\/#website\",\"url\":\"https:\/\/www.ceranca.ro\/\",\"name\":\"Ceranca\",\"description\":\"Artist: Anca Mihaila\",\"publisher\":{\"@id\":\"https:\/\/www.ceranca.ro\/#organization\"},\"potentialAction\":[{\"@type\":\"SearchAction\",\"target\":{\"@type\":\"EntryPoint\",\"urlTemplate\":\"https:\/\/www.ceranca.ro\/?s={search_term_string}\"},\"query-input\":\"required name=search_term_string\"}],\"inLanguage\":\"ro-RO\"},{\"@type\":\"Organization\",\"@id\":\"https:\/\/www.ceranca.ro\/#organization\",\"name\":\"Ceranca\",\"url\":\"https:\/\/www.ceranca.ro\/\",\"logo\":{\"@type\":\"ImageObject\",\"inLanguage\":\"ro-RO\",\"@id\":\"https:\/\/www.ceranca.ro\/#\/schema\/logo\/image\/\",\"url\":\"https:\/\/www.ceranca.ro\/wp-content\/uploads\/2022\/11\/logo-design-2-alb-1.png\",\"contentUrl\":\"https:\/\/www.ceranca.ro\/wp-content\/uploads\/2022\/11\/logo-design-2-alb-1.png\",\"width\":1465,\"height\":1466,\"caption\":\"Ceranca\"},\"image\":{\"@id\":\"https:\/\/www.ceranca.ro\/#\/schema\/logo\/image\/\"}}]}<\/script>\n<!-- \/ Yoast SEO plugin. -->","yoast_head_json":{"title":"Impresii - Ceranca","robots":{"index":"index","follow":"follow","max-snippet":"max-snippet:-1","max-image-preview":"max-image-preview:large","max-video-preview":"max-video-preview:-1"},"canonical":"https:\/\/www.ceranca.ro\/?page_id=2","og_locale":"ro_RO","og_type":"article","og_title":"Impresii - Ceranca","og_description":"Carmen Mihalache 7 noiembrie 2022 &#8222;Ast\u0103zi m-am oprit la o expozi\u021bie \u0219i un spectacol, pe care as dori s\u0103 vi le semnalez, cafapte artistice \u00eemplinite, care merit\u0103 aten\u021bie.O revela\u021bie \u2012 Anca Mih\u0103il\u0103 \u0218tiindu-i bine pe arti\u0219ti, mul\u021bi dintre ei egocentrici, vanito\u0219i, narcisi\u0219ti, vorbind mereu despre ei \u00een\u0219i\u0219i, am o senza\u021bie de bine, foarte reconfortant\u0103, c\u00e2nd &hellip; Impresii Read More &raquo;","og_url":"https:\/\/www.ceranca.ro\/?page_id=2","og_site_name":"Ceranca","article_modified_time":"2023-03-15T13:02:39+00:00","og_image":[{"url":"https:\/\/www.ceranca.ro\/wp-content\/uploads\/2022\/11\/313416755_3388343314821621_5980614905217078321_n-768x512.jpg"}],"twitter_card":"summary_large_image","twitter_misc":{"Timp estimat pentru citire":"4 minute"},"schema":{"@context":"https:\/\/schema.org","@graph":[{"@type":"WebPage","@id":"https:\/\/www.ceranca.ro\/?page_id=2","url":"https:\/\/www.ceranca.ro\/?page_id=2","name":"Impresii - Ceranca","isPartOf":{"@id":"https:\/\/www.ceranca.ro\/#website"},"datePublished":"2022-11-27T19:13:54+00:00","dateModified":"2023-03-15T13:02:39+00:00","breadcrumb":{"@id":"https:\/\/www.ceranca.ro\/?page_id=2#breadcrumb"},"inLanguage":"ro-RO","potentialAction":[{"@type":"ReadAction","target":["https:\/\/www.ceranca.ro\/?page_id=2"]}]},{"@type":"BreadcrumbList","@id":"https:\/\/www.ceranca.ro\/?page_id=2#breadcrumb","itemListElement":[{"@type":"ListItem","position":1,"name":"Home","item":"https:\/\/www.ceranca.ro\/"},{"@type":"ListItem","position":2,"name":"Impresii"}]},{"@type":"WebSite","@id":"https:\/\/www.ceranca.ro\/#website","url":"https:\/\/www.ceranca.ro\/","name":"Ceranca","description":"Artist: Anca Mihaila","publisher":{"@id":"https:\/\/www.ceranca.ro\/#organization"},"potentialAction":[{"@type":"SearchAction","target":{"@type":"EntryPoint","urlTemplate":"https:\/\/www.ceranca.ro\/?s={search_term_string}"},"query-input":"required name=search_term_string"}],"inLanguage":"ro-RO"},{"@type":"Organization","@id":"https:\/\/www.ceranca.ro\/#organization","name":"Ceranca","url":"https:\/\/www.ceranca.ro\/","logo":{"@type":"ImageObject","inLanguage":"ro-RO","@id":"https:\/\/www.ceranca.ro\/#\/schema\/logo\/image\/","url":"https:\/\/www.ceranca.ro\/wp-content\/uploads\/2022\/11\/logo-design-2-alb-1.png","contentUrl":"https:\/\/www.ceranca.ro\/wp-content\/uploads\/2022\/11\/logo-design-2-alb-1.png","width":1465,"height":1466,"caption":"Ceranca"},"image":{"@id":"https:\/\/www.ceranca.ro\/#\/schema\/logo\/image\/"}}]}},"_links":{"self":[{"href":"https:\/\/www.ceranca.ro\/index.php?rest_route=\/wp\/v2\/pages\/2","targetHints":{"allow":["GET"]}}],"collection":[{"href":"https:\/\/www.ceranca.ro\/index.php?rest_route=\/wp\/v2\/pages"}],"about":[{"href":"https:\/\/www.ceranca.ro\/index.php?rest_route=\/wp\/v2\/types\/page"}],"author":[{"embeddable":true,"href":"https:\/\/www.ceranca.ro\/index.php?rest_route=\/wp\/v2\/users\/1"}],"replies":[{"embeddable":true,"href":"https:\/\/www.ceranca.ro\/index.php?rest_route=%2Fwp%2Fv2%2Fcomments&post=2"}],"version-history":[{"count":32,"href":"https:\/\/www.ceranca.ro\/index.php?rest_route=\/wp\/v2\/pages\/2\/revisions"}],"predecessor-version":[{"id":6373,"href":"https:\/\/www.ceranca.ro\/index.php?rest_route=\/wp\/v2\/pages\/2\/revisions\/6373"}],"wp:attachment":[{"href":"https:\/\/www.ceranca.ro\/index.php?rest_route=%2Fwp%2Fv2%2Fmedia&parent=2"}],"curies":[{"name":"wp","href":"https:\/\/api.w.org\/{rel}","templated":true}]}}